{"id":3884,"date":"2025-10-07T15:31:23","date_gmt":"2025-10-07T13:31:23","guid":{"rendered":"https:\/\/www.eptisa.com\/?post_type=proyectos&#038;p=3884"},"modified":"2025-10-07T15:31:24","modified_gmt":"2025-10-07T13:31:24","slug":"extinderea-fabricii-de-materiale-compozite-airbus-din-getafe-madrid","status":"publish","type":"proyectos","link":"https:\/\/www.eptisa.com\/ro\/proiecte\/extinderea-fabricii-de-materiale-compozite-airbus-din-getafe-madrid\/","title":{"rendered":"Extinderea Fabricii de Materiale Compozite AIRBUS din Getafe (Madrid)"},"content":{"rendered":"\n<p><strong>Descrierea<\/strong>:<br\/>Proiectul const\u0103 \u00een extinderea cu 20.000 m\u00b2 a fabricii de materiale compozite AIRBUS situat\u0103 \u00een Getafe, Madrid. Aceast\u0103 ini\u021biativ\u0103 face parte din strategia de cre\u0219tere industrial\u0103 a companiei, av\u00e2nd ca scop consolidarea capacit\u0103\u021bii de produc\u021bie \u0219i optimizarea proceselor tehnologice \u00een domeniul materialelor avansate pentru industria aerospa\u021bial\u0103. <\/p>\n\n<p><strong>Impactul<\/strong>:<br\/>Extinderea acestei facilit\u0103\u021bi reprezint\u0103 un impuls strategic pentru industria aerospa\u021bial\u0103 din Spania, consolid\u00e2nd pozi\u021bia AIRBUS ca lider \u00een inova\u021bie \u0219i produc\u021bia de materiale compozite. Proiectul nu doar c\u0103 m\u0103re\u0219te capacitatea de fabrica\u021bie a componentelor mai u\u0219oare \u0219i mai eficiente \u2013 esen\u021biale pentru avia\u021bia sustenabil\u0103 \u2013 ci genereaz\u0103 \u0219i locuri de munc\u0103 specializate \u00een inginerie, produc\u021bie \u0219i management de proiect, contribuind la dezvoltarea talentului local. \u00cen plus, stimuleaz\u0103 integrarea tehnologiilor de ultim\u0103 genera\u021bie \u0219i a proceselor avansate de fabrica\u021bie, sporind competitivitatea \u00eentr-un mediu global extrem de exigent. Toate acestea se desf\u0103\u0219oar\u0103 conform criteriilor de sustenabilitate, prin procese optimizate care reduc impactul asupra mediului \u0219i \u00eembun\u0103t\u0103\u021besc eficien\u021ba energetic\u0103.   <\/p>\n","protected":false},"featured_media":3882,"template":"","meta":{"_acf_changed":false},"actividad":[789,793],"area-geografica":[814,816],"etiqueta-proyecto":[1227,1228],"class_list":["post-3884","proyectos","type-proyectos","status-publish","has-post-thumbnail","hentry","actividad-constructii-si-arhitectura","actividad-constructii-industriale","area-geografica-europa","area-geografica-spania","etiqueta-proyecto-aeronautica","etiqueta-proyecto-hangar-industrial"],"acf":[],"yoast_head":"<!-- This site is optimized with the Yoast SEO plugin v27.4 - https:\/\/yoast.com\/product\/yoast-seo-wordpress\/ -->\n<title>Extinderea Fabricii de Materiale Compozite AIRBUS din Getafe (Madrid) - Eptisa<\/title>\n<meta name=\"robots\" content=\"index, follow, max-snippet:-1, max-image-preview:large, max-video-preview:-1\" \/>\n<link rel=\"canonical\" href=\"https:\/\/www.eptisa.com\/ro\/proiecte\/extinderea-fabricii-de-materiale-compozite-airbus-din-getafe-madrid\/\" \/>\n<meta property=\"og:locale\" content=\"ro_RO\" \/>\n<meta property=\"og:type\" content=\"article\" \/>\n<meta property=\"og:title\" content=\"Extinderea Fabricii de Materiale Compozite AIRBUS din Getafe (Madrid) - Eptisa\" \/>\n<meta property=\"og:description\" content=\"Descrierea:Proiectul const\u0103 \u00een extinderea cu 20.000 m\u00b2 a fabricii de materiale compozite AIRBUS situat\u0103 \u00een Getafe, Madrid. Aceast\u0103 ini\u021biativ\u0103 face parte din strategia de cre\u0219tere industrial\u0103 a companiei, av\u00e2nd ca scop consolidarea capacit\u0103\u021bii de produc\u021bie \u0219i optimizarea proceselor tehnologice \u00een domeniul materialelor avansate pentru industria aerospa\u021bial\u0103. Impactul:Extinderea acestei facilit\u0103\u021bi reprezint\u0103 un impuls strategic pentru industria [&hellip;]\" \/>\n<meta property=\"og:url\" content=\"https:\/\/www.eptisa.com\/ro\/proiecte\/extinderea-fabricii-de-materiale-compozite-airbus-din-getafe-madrid\/\" \/>\n<meta property=\"og:site_name\" content=\"Eptisa\" \/>\n<meta property=\"article:modified_time\" content=\"2025-10-07T13:31:24+00:00\" \/>\n<meta property=\"og:image\" content=\"https:\/\/www.eptisa.com\/wp-content\/uploads\/2025\/10\/Nave-para-Airbus.jpg\" \/>\n\t<meta property=\"og:image:width\" content=\"1181\" \/>\n\t<meta property=\"og:image:height\" content=\"945\" \/>\n\t<meta property=\"og:image:type\" content=\"image\/jpeg\" \/>\n<meta name=\"twitter:card\" content=\"summary_large_image\" \/>\n<meta name=\"twitter:label1\" content=\"Timp estimat pentru citire\" \/>\n\t<meta name=\"twitter:data1\" content=\"1 minut\" \/>\n<script type=\"application\/ld+json\" class=\"yoast-schema-graph\">{\"@context\":\"https:\\\/\\\/schema.org\",\"@graph\":[{\"@type\":\"WebPage\",\"@id\":\"https:\\\/\\\/www.eptisa.com\\\/ro\\\/proiecte\\\/extinderea-fabricii-de-materiale-compozite-airbus-din-getafe-madrid\\\/\",\"url\":\"https:\\\/\\\/www.eptisa.com\\\/ro\\\/proiecte\\\/extinderea-fabricii-de-materiale-compozite-airbus-din-getafe-madrid\\\/\",\"name\":\"Extinderea Fabricii de Materiale Compozite AIRBUS din Getafe (Madrid) - Eptisa\",\"isPartOf\":{\"@id\":\"https:\\\/\\\/www.eptisa.com\\\/ro\\\/#website\"},\"primaryImageOfPage\":{\"@id\":\"https:\\\/\\\/www.eptisa.com\\\/ro\\\/proiecte\\\/extinderea-fabricii-de-materiale-compozite-airbus-din-getafe-madrid\\\/#primaryimage\"},\"image\":{\"@id\":\"https:\\\/\\\/www.eptisa.com\\\/ro\\\/proiecte\\\/extinderea-fabricii-de-materiale-compozite-airbus-din-getafe-madrid\\\/#primaryimage\"},\"thumbnailUrl\":\"https:\\\/\\\/www.eptisa.com\\\/wp-content\\\/uploads\\\/2025\\\/10\\\/Nave-para-Airbus.jpg\",\"datePublished\":\"2025-10-07T13:31:23+00:00\",\"dateModified\":\"2025-10-07T13:31:24+00:00\",\"breadcrumb\":{\"@id\":\"https:\\\/\\\/www.eptisa.com\\\/ro\\\/proiecte\\\/extinderea-fabricii-de-materiale-compozite-airbus-din-getafe-madrid\\\/#breadcrumb\"},\"inLanguage\":\"ro-RO\",\"potentialAction\":[{\"@type\":\"ReadAction\",\"target\":[\"https:\\\/\\\/www.eptisa.com\\\/ro\\\/proiecte\\\/extinderea-fabricii-de-materiale-compozite-airbus-din-getafe-madrid\\\/\"]}]},{\"@type\":\"ImageObject\",\"inLanguage\":\"ro-RO\",\"@id\":\"https:\\\/\\\/www.eptisa.com\\\/ro\\\/proiecte\\\/extinderea-fabricii-de-materiale-compozite-airbus-din-getafe-madrid\\\/#primaryimage\",\"url\":\"https:\\\/\\\/www.eptisa.com\\\/wp-content\\\/uploads\\\/2025\\\/10\\\/Nave-para-Airbus.jpg\",\"contentUrl\":\"https:\\\/\\\/www.eptisa.com\\\/wp-content\\\/uploads\\\/2025\\\/10\\\/Nave-para-Airbus.jpg\",\"width\":1181,\"height\":945},{\"@type\":\"BreadcrumbList\",\"@id\":\"https:\\\/\\\/www.eptisa.com\\\/ro\\\/proiecte\\\/extinderea-fabricii-de-materiale-compozite-airbus-din-getafe-madrid\\\/#breadcrumb\",\"itemListElement\":[{\"@type\":\"ListItem\",\"position\":1,\"name\":\"Home\",\"item\":\"https:\\\/\\\/www.eptisa.com\\\/ro\\\/\"},{\"@type\":\"ListItem\",\"position\":2,\"name\":\"Proiecte\",\"item\":\"https:\\\/\\\/www.eptisa.com\\\/ro\\\/proiecte\\\/\"},{\"@type\":\"ListItem\",\"position\":3,\"name\":\"Extinderea Fabricii de Materiale Compozite AIRBUS din Getafe (Madrid)\"}]},{\"@type\":\"WebSite\",\"@id\":\"https:\\\/\\\/www.eptisa.com\\\/ro\\\/#website\",\"url\":\"https:\\\/\\\/www.eptisa.com\\\/ro\\\/\",\"name\":\"Eptisa\",\"description\":\"Empresa Multinacional de Ingenier\u00eda\",\"publisher\":{\"@id\":\"https:\\\/\\\/www.eptisa.com\\\/ro\\\/#organization\"},\"potentialAction\":[{\"@type\":\"SearchAction\",\"target\":{\"@type\":\"EntryPoint\",\"urlTemplate\":\"https:\\\/\\\/www.eptisa.com\\\/ro\\\/?s={search_term_string}\"},\"query-input\":{\"@type\":\"PropertyValueSpecification\",\"valueRequired\":true,\"valueName\":\"search_term_string\"}}],\"inLanguage\":\"ro-RO\"},{\"@type\":\"Organization\",\"@id\":\"https:\\\/\\\/www.eptisa.com\\\/ro\\\/#organization\",\"name\":\"Eptisa\",\"url\":\"https:\\\/\\\/www.eptisa.com\\\/ro\\\/\",\"logo\":{\"@type\":\"ImageObject\",\"inLanguage\":\"ro-RO\",\"@id\":\"https:\\\/\\\/www.eptisa.com\\\/ro\\\/#\\\/schema\\\/logo\\\/image\\\/\",\"url\":\"https:\\\/\\\/www.eptisa.com\\\/wp-content\\\/uploads\\\/2025\\\/06\\\/7265704d3382618649eba7d99541ab81042c2245-scaled.png\",\"contentUrl\":\"https:\\\/\\\/www.eptisa.com\\\/wp-content\\\/uploads\\\/2025\\\/06\\\/7265704d3382618649eba7d99541ab81042c2245-scaled.png\",\"width\":2560,\"height\":1067,\"caption\":\"Eptisa\"},\"image\":{\"@id\":\"https:\\\/\\\/www.eptisa.com\\\/ro\\\/#\\\/schema\\\/logo\\\/image\\\/\"}}]}<\/script>\n<!-- \/ Yoast SEO plugin. -->","yoast_head_json":{"title":"Extinderea Fabricii de Materiale Compozite AIRBUS din Getafe (Madrid) - Eptisa","robots":{"index":"index","follow":"follow","max-snippet":"max-snippet:-1","max-image-preview":"max-image-preview:large","max-video-preview":"max-video-preview:-1"},"canonical":"https:\/\/www.eptisa.com\/ro\/proiecte\/extinderea-fabricii-de-materiale-compozite-airbus-din-getafe-madrid\/","og_locale":"ro_RO","og_type":"article","og_title":"Extinderea Fabricii de Materiale Compozite AIRBUS din Getafe (Madrid) - Eptisa","og_description":"Descrierea:Proiectul const\u0103 \u00een extinderea cu 20.000 m\u00b2 a fabricii de materiale compozite AIRBUS situat\u0103 \u00een Getafe, Madrid. Aceast\u0103 ini\u021biativ\u0103 face parte din strategia de cre\u0219tere industrial\u0103 a companiei, av\u00e2nd ca scop consolidarea capacit\u0103\u021bii de produc\u021bie \u0219i optimizarea proceselor tehnologice \u00een domeniul materialelor avansate pentru industria aerospa\u021bial\u0103. Impactul:Extinderea acestei facilit\u0103\u021bi reprezint\u0103 un impuls strategic pentru industria [&hellip;]","og_url":"https:\/\/www.eptisa.com\/ro\/proiecte\/extinderea-fabricii-de-materiale-compozite-airbus-din-getafe-madrid\/","og_site_name":"Eptisa","article_modified_time":"2025-10-07T13:31:24+00:00","og_image":[{"width":1181,"height":945,"url":"https:\/\/www.eptisa.com\/wp-content\/uploads\/2025\/10\/Nave-para-Airbus.jpg","type":"image\/jpeg"}],"twitter_card":"summary_large_image","twitter_misc":{"Timp estimat pentru citire":"1 minut"},"schema":{"@context":"https:\/\/schema.org","@graph":[{"@type":"WebPage","@id":"https:\/\/www.eptisa.com\/ro\/proiecte\/extinderea-fabricii-de-materiale-compozite-airbus-din-getafe-madrid\/","url":"https:\/\/www.eptisa.com\/ro\/proiecte\/extinderea-fabricii-de-materiale-compozite-airbus-din-getafe-madrid\/","name":"Extinderea Fabricii de Materiale Compozite AIRBUS din Getafe (Madrid) - Eptisa","isPartOf":{"@id":"https:\/\/www.eptisa.com\/ro\/#website"},"primaryImageOfPage":{"@id":"https:\/\/www.eptisa.com\/ro\/proiecte\/extinderea-fabricii-de-materiale-compozite-airbus-din-getafe-madrid\/#primaryimage"},"image":{"@id":"https:\/\/www.eptisa.com\/ro\/proiecte\/extinderea-fabricii-de-materiale-compozite-airbus-din-getafe-madrid\/#primaryimage"},"thumbnailUrl":"https:\/\/www.eptisa.com\/wp-content\/uploads\/2025\/10\/Nave-para-Airbus.jpg","datePublished":"2025-10-07T13:31:23+00:00","dateModified":"2025-10-07T13:31:24+00:00","breadcrumb":{"@id":"https:\/\/www.eptisa.com\/ro\/proiecte\/extinderea-fabricii-de-materiale-compozite-airbus-din-getafe-madrid\/#breadcrumb"},"inLanguage":"ro-RO","potentialAction":[{"@type":"ReadAction","target":["https:\/\/www.eptisa.com\/ro\/proiecte\/extinderea-fabricii-de-materiale-compozite-airbus-din-getafe-madrid\/"]}]},{"@type":"ImageObject","inLanguage":"ro-RO","@id":"https:\/\/www.eptisa.com\/ro\/proiecte\/extinderea-fabricii-de-materiale-compozite-airbus-din-getafe-madrid\/#primaryimage","url":"https:\/\/www.eptisa.com\/wp-content\/uploads\/2025\/10\/Nave-para-Airbus.jpg","contentUrl":"https:\/\/www.eptisa.com\/wp-content\/uploads\/2025\/10\/Nave-para-Airbus.jpg","width":1181,"height":945},{"@type":"BreadcrumbList","@id":"https:\/\/www.eptisa.com\/ro\/proiecte\/extinderea-fabricii-de-materiale-compozite-airbus-din-getafe-madrid\/#breadcrumb","itemListElement":[{"@type":"ListItem","position":1,"name":"Home","item":"https:\/\/www.eptisa.com\/ro\/"},{"@type":"ListItem","position":2,"name":"Proiecte","item":"https:\/\/www.eptisa.com\/ro\/proiecte\/"},{"@type":"ListItem","position":3,"name":"Extinderea Fabricii de Materiale Compozite AIRBUS din Getafe (Madrid)"}]},{"@type":"WebSite","@id":"https:\/\/www.eptisa.com\/ro\/#website","url":"https:\/\/www.eptisa.com\/ro\/","name":"Eptisa","description":"Empresa Multinacional de Ingenier\u00eda","publisher":{"@id":"https:\/\/www.eptisa.com\/ro\/#organization"},"potentialAction":[{"@type":"SearchAction","target":{"@type":"EntryPoint","urlTemplate":"https:\/\/www.eptisa.com\/ro\/?s={search_term_string}"},"query-input":{"@type":"PropertyValueSpecification","valueRequired":true,"valueName":"search_term_string"}}],"inLanguage":"ro-RO"},{"@type":"Organization","@id":"https:\/\/www.eptisa.com\/ro\/#organization","name":"Eptisa","url":"https:\/\/www.eptisa.com\/ro\/","logo":{"@type":"ImageObject","inLanguage":"ro-RO","@id":"https:\/\/www.eptisa.com\/ro\/#\/schema\/logo\/image\/","url":"https:\/\/www.eptisa.com\/wp-content\/uploads\/2025\/06\/7265704d3382618649eba7d99541ab81042c2245-scaled.png","contentUrl":"https:\/\/www.eptisa.com\/wp-content\/uploads\/2025\/06\/7265704d3382618649eba7d99541ab81042c2245-scaled.png","width":2560,"height":1067,"caption":"Eptisa"},"image":{"@id":"https:\/\/www.eptisa.com\/ro\/#\/schema\/logo\/image\/"}}]}},"_links":{"self":[{"href":"https:\/\/www.eptisa.com\/ro\/wp-json\/wp\/v2\/proyectos\/3884","targetHints":{"allow":["GET"]}}],"collection":[{"href":"https:\/\/www.eptisa.com\/ro\/wp-json\/wp\/v2\/proyectos"}],"about":[{"href":"https:\/\/www.eptisa.com\/ro\/wp-json\/wp\/v2\/types\/proyectos"}],"wp:featuredmedia":[{"embeddable":true,"href":"https:\/\/www.eptisa.com\/ro\/wp-json\/wp\/v2\/media\/3882"}],"wp:attachment":[{"href":"https:\/\/www.eptisa.com\/ro\/wp-json\/wp\/v2\/media?parent=3884"}],"wp:term":[{"taxonomy":"actividad","embeddable":true,"href":"https:\/\/www.eptisa.com\/ro\/wp-json\/wp\/v2\/actividad?post=3884"},{"taxonomy":"area-geografica","embeddable":true,"href":"https:\/\/www.eptisa.com\/ro\/wp-json\/wp\/v2\/area-geografica?post=3884"},{"taxonomy":"etiqueta-proyecto","embeddable":true,"href":"https:\/\/www.eptisa.com\/ro\/wp-json\/wp\/v2\/etiqueta-proyecto?post=3884"}],"curies":[{"name":"wp","href":"https:\/\/api.w.org\/{rel}","templated":true}]}}